{"id":10,"date":"2018-03-15T15:32:38","date_gmt":"2018-03-15T14:32:38","guid":{"rendered":"http:\/\/isaplomb.org\/web\/it\/?page_id=10"},"modified":"2021-11-05T19:08:23","modified_gmt":"2021-11-05T18:08:23","slug":"chi-siamo","status":"publish","type":"page","link":"http:\/\/www.aplombitalia.it\/sito\/","title":{"rendered":"Chi siamo"},"content":{"rendered":"<style type=\"text\/css\"> \n#cmsms_row_6a979ab12fc0d .cmsms_row_outer_parent { \n\tpadding-top: 0px; \n} \n\n#cmsms_row_6a979ab12fc0d .cmsms_row_outer_parent { \n\tpadding-bottom: 50px; \n} \n\n \n#cmsms_heading_6a979ab130fcc, #cmsms_heading_6a979ab130fcc a { \n\tfont-weight:400; \n\tfont-style:normal; \n\tmargin-top:0px; \n\tmargin-bottom:20px; \n} \n \n#cmsms_heading_6a979ab135610, #cmsms_heading_6a979ab135610 a { \n\tfont-weight:400; \n\tfont-style:normal; \n\tmargin-top:0px; \n\tmargin-bottom:20px; \n} \n \n#cmsms_heading_6a979ab142ce7, #cmsms_heading_6a979ab142ce7 a { \n\tfont-weight:400; \n\tfont-style:normal; \n\tmargin-top:0px; \n\tmargin-bottom:20px; \n} \n<\/style><div id=\"cmsms_row_6a979ab12fc0d\" class=\"cmsms_row cmsms_color_scheme_default\">\n<div class=\"cmsms_row_outer_parent\">\n<div class=\"cmsms_row_outer\">\n<div class=\"cmsms_row_inner\">\n<div class=\"cmsms_row_margin\">\n<div class=\"cmsms_column one_first\">\n<div class=\"cmsms_tabs tabs_mode_tab\">\n<ul class=\"cmsms_tabs_list\">\n<li id=\"cmsms_tabs_list_item_6a979ab1305f2\" class=\"cmsms_tabs_list_item current_tab\">\n<a href=\"#\">\n<span>Chi Siamo<\/span>\n<\/a>\n<\/li><li id=\"cmsms_tabs_list_item_6a979ab130a72\" class=\"cmsms_tabs_list_item\">\n<a href=\"#\">\n<span>Scopi<\/span>\n<\/a>\n<\/li><li id=\"cmsms_tabs_list_item_6a979ab130e15\" class=\"cmsms_tabs_list_item\">\n<a href=\"#\">\n<span>Istruttori<\/span>\n<\/a>\n<\/li><li id=\"cmsms_tabs_list_item_6a979ab151e22\" class=\"cmsms_tabs_list_item\">\n<a href=\"#\">\n<span>Formazione<\/span>\n<\/a>\n<\/li><li id=\"cmsms_tabs_list_item_6a979ab1524db\" class=\"cmsms_tabs_list_item\">\n<a href=\"#\">\n<span>Volontari<\/span>\n<\/a>\n<\/li><\/ul>\n<div class=\"cmsms_tabs_wrap\">\n<div id=\"cmsms_tab_6a979ab1305f2\" class=\"cmsms_tab active_tab\">\n<div class=\"cmsms_tab_inner\">\n<p class=\"western\"><span style=\"font-family: Helvetica, sans-serif;\">Un gruppo di persone che \u2026<\/span><\/p>\n<p class=\"western\"><span style=\"font-family: Helvetica, sans-serif;\">vogliono salvare quanto pi\u00f9 possibile le tradizioni popolari, le memorie del territorio e l\u2019insegnamento degli anziani che troppo spesso sono relegati dal resto della societ\u00e0 e ignorati, non ascoltati. Prevaricati da una \u201ccultura del titolo\u201d, \u201cdella carta\u201d, \u201cdella fretta\u201d; una cultura cieca nel suo Ego, fragile nel proprio Io, incapace di vedere la ricchezza custodita in queste persone, che se ne stanno andando con quel bagaglio di conoscenza cos\u00ec importante per l\u2019equilibrio del nostro Essere, la nostra Salute \u2026<\/span><\/p>\n<p class=\"western\" align=\"justify\"><span style=\"font-family: Helvetica, sans-serif;\">vogliono risvegliare il valore e l\u2019importanza di alcune importanti tradizioni \u2026<\/span><\/p>\n<p class=\"western\" align=\"justify\"><span style=\"font-family: Helvetica, sans-serif;\">operano per cercare di salvaguardare l\u2019Ambiente in cui vivono \u2026<\/span><\/p>\n<p class=\"western\" align=\"justify\"><span style=\"font-family: Helvetica, sans-serif;\">vogliono fare sport nel modo pi\u00f9 naturale possibile \u2026<\/span><\/p>\n<p class=\"western\" align=\"justify\"><span style=\"font-family: Helvetica, sans-serif;\">vogliono ritrovarsi lontano da un computer, magari attorno ad un fuoco, giocando \u2026 ballando \u2026 mangiando \u2026 cantando stonati \u2026<\/span><\/p>\n<p class=\"western\" align=\"justify\"><span style=\"font-family: Helvetica, sans-serif;\">vogliono \u201cfare\u201d, stimolare, proporre cultura \u2026 <\/span><\/p>\n<p class=\"western\" align=\"justify\"><span style=\"font-family: Helvetica, sans-serif;\">vogliono creare amicizia \u2026<\/span><\/p>\n<p class=\"western\" align=\"justify\"><span style=\"font-family: Helvetica, sans-serif;\">Un gruppo di persone che \u2026..<\/span><\/p>\n<\/div>\n<\/div><div id=\"cmsms_tab_6a979ab130a72\" class=\"cmsms_tab\">\n<div class=\"cmsms_tab_inner\">\n<ol>\n<li>\n<p class=\"western\" align=\"justify\"><span style=\"font-family: Helvetica, sans-serif;\"><span style=\"font-size: small;\">La diffusione della pratica sportiva tesa al miglioramento della condizione fisica e psichica personale; al miglioramento degli stili di vita e delle relazioni sociali; la promozione di attivit\u00e0 ricreative e culturali per l\u2019esclusivo soddisfacimento di interessi collettivi.<\/span><\/span><\/p>\n<\/li>\n<li>\n<p class=\"western\" align=\"justify\"><span style=\"font-family: Helvetica, sans-serif;\"><span style=\"font-size: small;\">Recupero\/mantenimento delle nostre tradizioni, attraverso un approfondito lavoro di ricerca sul campo e completato in biblioteca, nei musei ecc, dove i ricercatori ISA, hanno il compito specifico di recuperare la \u201cfisiologia corretta\u201d ci\u00f2 il modo in cui la persona si adopera per compiere quel lavoro, quella cosa, ecc. Questo lavoro chiamato <\/span><\/span><span style=\"font-family: Helvetica, sans-serif;\"><span style=\"font-size: small;\"><b>Ricerca \u201cEtnofisiologica\u201d<\/b><\/span><\/span><span style=\"font-family: Helvetica, sans-serif;\"><span style=\"font-size: small;\"> \u00e8 la materia base di tutte le attivit\u00e0 I.S.A. <\/span><\/span><\/p>\n<\/li>\n<li>\n<p class=\"western\" align=\"justify\"><span style=\"font-family: Helvetica, sans-serif;\"><span style=\"font-size: small;\">Promuovere la diffusione della cultura ambientalista e naturalista, cercando di salvaguardare l\u2019ambiente in cui viviamo attraverso la promozione e l\u2019utilizzo di prodotti biologici ecocompatibili e possibilmente a \u201ckm 0\u201d.<\/span><\/span><\/p>\n<\/li>\n<\/ol>\n<p class=\"western\" align=\"justify\"><span style=\"font-family: Helvetica, sans-serif;\"><span style=\"font-size: small;\"><b>Dallo Statuto Sociale:<\/b><\/span><\/span><\/p>\n<h4 class=\"western\" align=\"justify\"><span style=\"font-family: Helvetica, sans-serif;\">TITOLO II \u2013 SCOPO e OGGETTO<\/span><\/h4>\n<h2 class=\"western\" align=\"justify\"><span style=\"font-family: Helvetica, sans-serif;\"><span style=\"font-size: small;\">Articolo 2<\/span><\/span><span style=\"font-family: Helvetica, sans-serif;\"><span style=\"font-size: small;\"> &#8211; L\u2019associazione nasce al fine di svolgere attivit\u00e0 di utilit\u00e0 sociale a favore di associati o di terzi, senza finalit\u00e0 di lucro e nel pieno rispetto della libert\u00e0 e dignit\u00e0 degli associati. Scopo dell&#8217;associazione \u00e8 in particolare la diffusione della pratica sportiva tesa al miglioramento degli stili di vita, della condizione fisica e psichica nonch\u00e9 delle relazioni sociali e la promozione di attivit\u00e0 ricreative e culturali per l\u2019esclusivo soddisfacimento di interessi collettivi.<\/span><\/span><\/h2>\n<h2 class=\"western\" align=\"justify\"><span style=\"font-family: Helvetica, sans-serif;\"><span style=\"font-size: small;\">Articolo 3<\/span><\/span><span style=\"font-family: Helvetica, sans-serif;\"><span style=\"font-size: small;\"> &#8211; Al fine di perseguire gli scopi istituzionali, l\u2019Associazione pu\u00f2 organizzare attivit\u00e0 quali:<\/span><\/span><\/h2>\n<ol type=\"a\">\n<li>\n<p class=\"western\" align=\"justify\"><span style=\"font-family: Helvetica, sans-serif;\"><span style=\"font-size: small;\">promuovere e sviluppare attraverso l\u2019utilizzo del metodo APLOMB attivit\u00e0 sportive dilettantistiche riconosciute dalle Federazioni sportive e\/o dagli Enti di Promozione Sportiva cui l\u2019associazione aderisce, in particolare nelle discipline quali il Ju-Jitsu, il Ko-Budo, lo Shiatsu, lo Yoga e la ginnastica;<\/span><\/span><\/p>\n<\/li>\n<li>\n<p class=\"western\" align=\"justify\"><span style=\"font-family: Helvetica, sans-serif;\"><span style=\"font-size: small;\">organizzare manifestazioni sportive, culturali, ricreative in via diretta o collaborare con altri soggetti per la loro realizzazione;<\/span><\/span><\/p>\n<\/li>\n<li>\n<p class=\"western\" align=\"justify\"><span style=\"font-family: Helvetica, sans-serif;\"><span style=\"font-size: small;\">promuovere attivit\u00e0 didattiche per l\u2019avvio, l\u2019aggiornamento e il perfezionamento nelle attivit\u00e0 sportive;<\/span><\/span><\/p>\n<\/li>\n<li>\n<p class=\"western\" align=\"justify\"><span style=\"font-family: Helvetica, sans-serif;\"><span style=\"font-size: small;\">studiare, promuovere e sviluppare nuove metodologie per migliorare l\u2019organizzazione e la pratica dello sport e del tempo libero;<\/span><\/span><\/p>\n<\/li>\n<li>\n<p class=\"western\" align=\"justify\"><span style=\"font-family: Helvetica, sans-serif;\"><span style=\"font-size: small;\">gestire impianti, propri o di terzi, adibiti a palestre, campi e strutture sportive di vario genere;<\/span><\/span><\/p>\n<\/li>\n<li>\n<p class=\"western\" align=\"justify\"><span style=\"font-family: Helvetica, sans-serif;\"><span style=\"font-size: small;\">organizzare squadre sportive per la partecipazione a campionati, gare, concorsi, manifestazioni ed iniziative di diverse discipline sportive;<\/span><\/span><\/p>\n<\/li>\n<li>\n<p class=\"western\" align=\"justify\"><span style=\"font-family: Helvetica, sans-serif;\"><span style=\"font-size: small;\">indire corsi di avviamento agli sport, attivit\u00e0 motoria e di mantenimento, corsi di formazione e di qualificazione per operatori sportivi;<\/span><\/span><\/p>\n<\/li>\n<li>\n<p class=\"western\" align=\"justify\"><span style=\"font-family: Helvetica, sans-serif;\"><span style=\"font-size: small;\">promuovere e sviluppare la Ricerca \u201cEtnofisiologica\u201d, divulgandone gli insegnamenti a mezzo di seminari, conferenze corsi e prove pratiche in campo;<\/span><\/span><\/p>\n<\/li>\n<li>\n<p class=\"western\" align=\"justify\"><span style=\"font-family: Helvetica, sans-serif;\"><span style=\"font-size: small;\">promuovere la diffusione della cultura ambientalista e naturalistica;<\/span><\/span><span style=\"font-family: Helvetica, sans-serif;\"><span style=\"font-size: small;\">organizzare attivit\u00e0 ricreative e culturali a favore di un migliore utilizzo del tempo libero dei soci, ivi compresa l\u2019organizzazione di attivit\u00e0 turistica.<\/span><\/span><\/p>\n<\/li>\n<li>\n<p class=\"western\" align=\"justify\"><span style=\"font-family: Helvetica, sans-serif;\">Per divulgare i propri scopi, attivit\u00e0 e progetti l\u2019Associazione si avvale di corsi, conferenze, seminari, laboratori, mostre fotografiche, Allestimenti \u201cEtnofisiologici\u201d ecc.<\/span><\/p>\n<p class=\"western\" align=\"justify\"><span style=\"font-family: Helvetica, sans-serif;\">L\u2019Associazione I.S.A Italia \u00e8 riconosciuta dall\u2019ISA di Parigi, diretta dalla Ricercatrice Francese No\u00eblle Perez Christiaens.<\/span><\/p>\n<\/li>\n<\/ol>\n<\/div>\n<\/div><div id=\"cmsms_tab_6a979ab130e15\" class=\"cmsms_tab\">\n<div class=\"cmsms_tab_inner\">\n<h1 id=\"cmsms_heading_6a979ab130fcc\" class=\"cmsms_heading\">Caposcuola I.S.A.<\/h1><div class=\"cmsms_profile vertical\">\n<article class=\" format-profile\">\n<div class=\"pl_content\">\n<h1 class=\"entry-title\"><a href=\"http:\/\/www.aplombitalia.it\/sito\/profile\/noelle-perez-christiaens\/\">No\u00eblle Perez Christiaens &#8211; Jos\u00e9 Miguel da Fonseca<\/a><\/h1>\n<div class=\"entry-content\">\nNo\u00eblle Perez \u00e8 nata a Reims il 28.12.1925. Dopo aver lavorato per 6 anni in Francia con i pochi insegnanti di yoga degli anni &#8217;50, nel 1959 si \u00e8 recata in India per incontrare B.K.S. Iyengar che l&#8217;ha introdotta allo yoga totale in profondit\u00e0 e le ha permesso di dare un nome alla sua scuola:...<\/div>\n<\/div>\n<div class=\"pl_img\">\n<figure><a href=\"http:\/\/www.aplombitalia.it\/sito\/profile\/noelle-perez-christiaens\/\"><img width=\"140\" height=\"139\" src=\"https:\/\/i0.wp.com\/www.aplombitalia.it\/sito\/wp-content\/uploads\/2018\/04\/noelle_miguel.jpg?resize=140%2C139\" class=\"attachment-square-thumb size-square-thumb wp-post-image\" alt=\"No\u00eblle Perez Christiaens &#8211; Jos\u00e9 Miguel da Fonseca\" loading=\"lazy\" title=\"No\u00eblle Perez Christiaens &#8211; Jos\u00e9 Miguel da Fonseca\" srcset=\"https:\/\/i0.wp.com\/www.aplombitalia.it\/sito\/wp-content\/uploads\/2018\/04\/noelle_miguel.jpg?w=140 140w, https:\/\/i0.wp.com\/www.aplombitalia.it\/sito\/wp-content\/uploads\/2018\/04\/noelle_miguel.jpg?resize=55%2C55 55w\" sizes=\"(max-width: 140px) 100vw, 140px\" \/><\/a><\/figure>\n<\/div>\n<div class=\"pl_social\">\n<\/div>\n<div class=\"cl\"><\/div>\n<\/article>\n<\/div>\n<h1 id=\"cmsms_heading_6a979ab135610\" class=\"cmsms_heading\">Istruttori Internazionali<\/h1><div class=\"cmsms_profile vertical\">\n<article class=\" format-profile\">\n<div class=\"pl_content\">\n<h1 class=\"entry-title\"><a href=\"http:\/\/www.aplombitalia.it\/sito\/profile\/anne-brown-de-colstoun\/\">Anne Brown de Colstoun<\/a><\/h1>\n<div class=\"entry-content\">\nLavora con No\u00eblle Perez e Jos\u00e9 Miguel da 32 anni.. _________________________________________________ Phone :\u00a00033 1 42 46 60 02 ; 0033 6 74 535 220 _________________________________________________ Email :\u00a0 anneb2c1@orange.fr _________________________________________________ Curriculum: Dopo aver praticato per diversi anni il tradizionale Hatha Yoga e le sue posture &#8220;esotiche&#8221;, incontra No\u00eblle Perez-Christiaens nel 1980. Profondamente Impressionata dalla raffinatezza, precisione...<\/div>\n<\/div>\n<div class=\"pl_img\">\n<figure><a href=\"http:\/\/www.aplombitalia.it\/sito\/profile\/anne-brown-de-colstoun\/\"><img width=\"104\" height=\"157\" src=\"https:\/\/i2.wp.com\/www.aplombitalia.it\/sito\/wp-content\/uploads\/2018\/05\/anne.jpg?resize=104%2C157\" class=\"attachment-square-thumb size-square-thumb wp-post-image\" alt=\"Anne Brown de Colstoun\" loading=\"lazy\" title=\"Anne Brown de Colstoun\" \/><\/a><\/figure>\n<\/div>\n<div class=\"pl_social\">\n<\/div>\n<div class=\"cl\"><\/div>\n<\/article>\n<article class=\" profile_even format-profile\">\n<div class=\"pl_content\">\n<h1 class=\"entry-title\"><a href=\"http:\/\/www.aplombitalia.it\/sito\/profile\/christine-provost\/\">Christine Provost<\/a><\/h1>\n<div class=\"entry-content\">\nHa lavorato con No\u00eblle Perez e Jos\u00e9 Miguel per 23 anni. _________________________________________________ Phone:\u00a0+ 33 (0)5 49 29 16 03 \u2013\u00a0+33 6 66 49 22 07 _________________________________________________ Email:\u00a0christine.provost@free.fr _________________________________________________ Curriculum: A seguito di un mal di schiena cronico diagnosticato ernia del disco in cui i medici mi hanno proposto solo l&#8217;intervento chirurgico, ho deciso di trovare...<\/div>\n<\/div>\n<div class=\"pl_img\">\n<figure><a href=\"http:\/\/www.aplombitalia.it\/sito\/profile\/christine-provost\/\"><img width=\"250\" height=\"250\" src=\"https:\/\/i1.wp.com\/www.aplombitalia.it\/sito\/wp-content\/uploads\/2018\/06\/Christine-Provost-ISAPLOMB.jpg?resize=250%2C250\" class=\"attachment-square-thumb size-square-thumb wp-post-image\" alt=\"Christine Provost\" loading=\"lazy\" title=\"Christine Provost\" srcset=\"https:\/\/i1.wp.com\/www.aplombitalia.it\/sito\/wp-content\/uploads\/2018\/06\/Christine-Provost-ISAPLOMB.jpg?resize=150%2C150 150w, https:\/\/i1.wp.com\/www.aplombitalia.it\/sito\/wp-content\/uploads\/2018\/06\/Christine-Provost-ISAPLOMB.jpg?resize=55%2C55 55w, https:\/\/i1.wp.com\/www.aplombitalia.it\/sito\/wp-content\/uploads\/2018\/06\/Christine-Provost-ISAPLOMB.jpg?resize=250%2C250 250w, https:\/\/i1.wp.com\/www.aplombitalia.it\/sito\/wp-content\/uploads\/2018\/06\/Christine-Provost-ISAPLOMB.jpg?zoom=2&amp;resize=250%2C250 500w, https:\/\/i1.wp.com\/www.aplombitalia.it\/sito\/wp-content\/uploads\/2018\/06\/Christine-Provost-ISAPLOMB.jpg?zoom=3&amp;resize=250%2C250 750w\" sizes=\"(max-width: 250px) 100vw, 250px\" \/><\/a><\/figure>\n<\/div>\n<div class=\"pl_social\">\n<\/div>\n<div class=\"cl\"><\/div>\n<\/article>\n<article class=\" format-profile\">\n<div class=\"pl_content\">\n<h1 class=\"entry-title\"><a href=\"http:\/\/www.aplombitalia.it\/sito\/profile\/georgette-leconte\/\">Georgette Chabin<\/a><\/h1>\n<div class=\"entry-content\">\nLavora con No\u00eblle Perez e Jos\u00e9 Miguel da 33 anni. _________________________________________________ Ho lavorato con istruttori ISA: 34 anni _________________________________________________ Phone :\u00a006.08.76.30.77 _________________________________________________ Email : chabinjeangeorgette@orange.fr _________________________________________________ Curriculum: Da bambina, quando vedevo qualcuno che non si comportava bene, pensavo: &#8220;Quando sar\u00f2 grande, non voglio essere come queste persone&#8220;. Poi ho praticato e successivamente insegnato Yoga e...<\/div>\n<\/div>\n<div class=\"pl_img\">\n<figure><a href=\"http:\/\/www.aplombitalia.it\/sito\/profile\/georgette-leconte\/\"><img width=\"250\" height=\"250\" src=\"https:\/\/i1.wp.com\/www.aplombitalia.it\/sito\/wp-content\/uploads\/2018\/05\/IMG_2244.jpg?resize=250%2C250\" class=\"attachment-square-thumb size-square-thumb wp-post-image\" alt=\"Georgette Chabin\" loading=\"lazy\" title=\"Georgette Chabin\" srcset=\"https:\/\/i1.wp.com\/www.aplombitalia.it\/sito\/wp-content\/uploads\/2018\/05\/IMG_2244.jpg?resize=150%2C150 150w, https:\/\/i1.wp.com\/www.aplombitalia.it\/sito\/wp-content\/uploads\/2018\/05\/IMG_2244.jpg?resize=55%2C55 55w, https:\/\/i1.wp.com\/www.aplombitalia.it\/sito\/wp-content\/uploads\/2018\/05\/IMG_2244.jpg?resize=250%2C250 250w, https:\/\/i1.wp.com\/www.aplombitalia.it\/sito\/wp-content\/uploads\/2018\/05\/IMG_2244.jpg?zoom=2&amp;resize=250%2C250 500w, https:\/\/i1.wp.com\/www.aplombitalia.it\/sito\/wp-content\/uploads\/2018\/05\/IMG_2244.jpg?zoom=3&amp;resize=250%2C250 750w\" sizes=\"(max-width: 250px) 100vw, 250px\" \/><\/a><\/figure>\n<\/div>\n<div class=\"pl_social\">\n<\/div>\n<div class=\"cl\"><\/div>\n<\/article>\n<article class=\" profile_even format-profile\">\n<div class=\"pl_content\">\n<h1 class=\"entry-title\"><a href=\"http:\/\/www.aplombitalia.it\/sito\/profile\/georgia-leconte\/\">Georgia Leconte<\/a><\/h1>\n<div class=\"entry-content\">\nLavora con No\u00eblle Perez dal 1968. _________________________________________________ Phone : 0033 1 69 20 16 20 (Paris) e 0033 4 75 66 20 03\u00a0(Ard\u00e8che) _________________________________________________ Email : georgia.leconte@wanadoo.fr _________________________________________________ Curriculum: &#8211; Si \u00e8 recata a Pune per lavorare con B.K.S. Iyengar nel 1974 e 1977, ha seguito e accompagnato la ricerca e il viaggio di No\u00eblle...<\/div>\n<\/div>\n<div class=\"pl_img\">\n<figure><a href=\"http:\/\/www.aplombitalia.it\/sito\/profile\/georgia-leconte\/\"><img width=\"101\" height=\"139\" src=\"https:\/\/i0.wp.com\/www.aplombitalia.it\/sito\/wp-content\/uploads\/2018\/05\/georgia.jpg?resize=101%2C139\" class=\"attachment-square-thumb size-square-thumb wp-post-image\" alt=\"Georgia Leconte\" loading=\"lazy\" title=\"Georgia Leconte\" \/><\/a><\/figure>\n<\/div>\n<div class=\"pl_social\">\n<\/div>\n<div class=\"cl\"><\/div>\n<\/article>\n<article class=\" format-profile\">\n<div class=\"pl_content\">\n<h1 class=\"entry-title\"><a href=\"http:\/\/www.aplombitalia.it\/sito\/profile\/ginette-guedu\/\">Ginette Gu\u00e9du<\/a><\/h1>\n<div class=\"entry-content\">\nHa lavorato con No\u00eblle Perez e Jos\u00e9 Miguel per 45 anni. _________________________________________________ Phone : _________________________________________________ Email : _________________________________________________ Curriculum:\u00a0Si \u00e8 recata pi\u00f9 volte in Portogallo per osservare l&#8217;Aplomb di chi porta sulla testa sia nelle saline che durante la raccolta e soprattutto all&#8217;asta ittica di Set\u00fabal; Si \u00e8 ritirata in Bretagna nel 2015, dove continua...<\/div>\n<\/div>\n<div class=\"pl_img\">\n<figure><a href=\"http:\/\/www.aplombitalia.it\/sito\/profile\/ginette-guedu\/\"><img width=\"104\" height=\"139\" src=\"https:\/\/i1.wp.com\/www.aplombitalia.it\/sito\/wp-content\/uploads\/2018\/05\/ginette.jpg?resize=104%2C139\" class=\"attachment-square-thumb size-square-thumb wp-post-image\" alt=\"Ginette Gu\u00e9du\" loading=\"lazy\" title=\"Ginette Gu\u00e9du\" \/><\/a><\/figure>\n<\/div>\n<div class=\"pl_social\">\n<\/div>\n<div class=\"cl\"><\/div>\n<\/article>\n<article class=\" profile_even format-profile\">\n<div class=\"pl_content\">\n<h1 class=\"entry-title\"><a href=\"http:\/\/www.aplombitalia.it\/sito\/profile\/nicole-le-coz\/\">Nicole Blouet le Coz<\/a><\/h1>\n<div class=\"entry-content\">\nLavora con No\u00eblle Perez e Jos\u00e9 Miguel da &#8230; anni.. _________________________________________________ Phone :\u00a0+33 06 12 78 13 84 _________________________________________________ Email :\u00a0\u00a0isabretagne2@free.fr _________________________________________________ Curriculum: _________________________________________________ Corsi e Seminari: _________________________________________________ Ricerca &#8216;Etnofiosiologica&#8217;: _________________________________________________ YVCA (Yoga de la Vie Courante dans l\u2019Aplomb) 102, RUE Fran\u00e7ois copp\u00e9e BREST\u00a029200 &#8211;\u00a0France Ultimo aggiornamento Giugno 2018<\/div>\n<\/div>\n<div class=\"pl_img\"><a href=\"http:\/\/www.aplombitalia.it\/sito\/profile\/nicole-le-coz\/\"><div class=\"pl_noimg cmsms-icon-user-1\"><\/div><\/a><\/div>\n<div class=\"pl_social\">\n<\/div>\n<div class=\"cl\"><\/div>\n<\/article>\n<article class=\" format-profile\">\n<div class=\"pl_content\">\n<h1 class=\"entry-title\"><a href=\"http:\/\/www.aplombitalia.it\/sito\/profile\/odille-tailbault\/\">Odile Thibault<\/a><\/h1>\n<div class=\"entry-content\">\nLavora con No\u00eblle Perez e Jos\u00e9 Miguel da &#8212; anni. _________________________________________________ Phone :\u00a0+ 33 02 35 15 20 46 _________________________________________________ Email : _________________________________________________ Curriculum: _________________________________________________ Corsi e Seminari: _________________________________________________ Ricerca &#8216;Etnofisiologica&#8217;: _________________________________________________ Ultimo aggiornamento Giugno 2018<\/div>\n<\/div>\n<div class=\"pl_img\"><a href=\"http:\/\/www.aplombitalia.it\/sito\/profile\/odille-tailbault\/\"><div class=\"pl_noimg cmsms-icon-user-1\"><\/div><\/a><\/div>\n<div class=\"pl_social\">\n<\/div>\n<div class=\"cl\"><\/div>\n<\/article>\n<\/div>\n<h1 id=\"cmsms_heading_6a979ab142ce7\" class=\"cmsms_heading\">Istruttori Nazionali<\/h1><div class=\"cmsms_profile vertical\">\n<article class=\" format-profile\">\n<div class=\"pl_content\">\n<h1 class=\"entry-title\"><a href=\"http:\/\/www.aplombitalia.it\/sito\/profile\/annamaria-rossi\/\">Annamaria Rossi<\/a><\/h1>\n<div class=\"entry-content\">\nLavora con No\u00eblle Perez e Jos\u00e9 Miguel da 36 anni. _________________________________________________ Phone :\u00a03284724984 _________________________________________________ Email :\u00a0annarossimaria@libero.it _________________________________________________ Curriculum: Nel 1982 quando ho incontrato Noelle la parola \u201cpostura\u201d era entrata nel linguaggio che si riferiva a un dato del corpo umano. Le indicazioni a questo riguardo erano imprecise e molto vaghe e soprattutto prive di modelli...<\/div>\n<\/div>\n<div class=\"pl_img\">\n<figure><a href=\"http:\/\/www.aplombitalia.it\/sito\/profile\/annamaria-rossi\/\"><img width=\"250\" height=\"250\" src=\"https:\/\/i2.wp.com\/www.aplombitalia.it\/sito\/wp-content\/uploads\/2018\/04\/IMG_20180518_164440.jpg?resize=250%2C250\" class=\"attachment-square-thumb size-square-thumb wp-post-image\" alt=\"Annamaria Rossi\" loading=\"lazy\" title=\"Annamaria Rossi\" srcset=\"https:\/\/i2.wp.com\/www.aplombitalia.it\/sito\/wp-content\/uploads\/2018\/04\/IMG_20180518_164440.jpg?resize=150%2C150 150w, https:\/\/i2.wp.com\/www.aplombitalia.it\/sito\/wp-content\/uploads\/2018\/04\/IMG_20180518_164440.jpg?resize=55%2C55 55w, https:\/\/i2.wp.com\/www.aplombitalia.it\/sito\/wp-content\/uploads\/2018\/04\/IMG_20180518_164440.jpg?resize=250%2C250 250w, https:\/\/i2.wp.com\/www.aplombitalia.it\/sito\/wp-content\/uploads\/2018\/04\/IMG_20180518_164440.jpg?zoom=2&amp;resize=250%2C250 500w, https:\/\/i2.wp.com\/www.aplombitalia.it\/sito\/wp-content\/uploads\/2018\/04\/IMG_20180518_164440.jpg?zoom=3&amp;resize=250%2C250 750w\" sizes=\"(max-width: 250px) 100vw, 250px\" \/><\/a><\/figure>\n<\/div>\n<div class=\"pl_social\">\n<\/div>\n<div class=\"cl\"><\/div>\n<\/article>\n<article class=\" profile_even format-profile\">\n<div class=\"pl_content\">\n<h1 class=\"entry-title\"><a href=\"http:\/\/www.aplombitalia.it\/sito\/profile\/carla-melchiorri\/\">Carla Melchiorri<\/a><\/h1>\n<div class=\"entry-content\">\nLavora con No\u00eblle Perez e Jos\u00e9 Miguel da &#8230; anni. _________________________________________________ Phone :\u00a0338 929 3825 (dalle 14:00 alle 16:30) _________________________________________________ Email :\u00a0info@isamodena.com _________________________________________________ Sito web:\u00a0www.isamodena.com _________________________________________________ Curriculum:\u00a0PRATICA Hatha Yoga dal 1975 Macrobiotica dal 1975 DO-IN dal1975 Shiatsu dal 1980 Aplomb e Yoga Aplomb dal 1988 Medicina tradizionale Tibetana dal 2000 _________________________________________________ Corsi e Seminari:\u00a0Hatha Yoga...<\/div>\n<\/div>\n<div class=\"pl_img\">\n<figure><a href=\"http:\/\/www.aplombitalia.it\/sito\/profile\/carla-melchiorri\/\"><img width=\"250\" height=\"250\" src=\"https:\/\/i0.wp.com\/www.aplombitalia.it\/sito\/wp-content\/uploads\/2018\/04\/carla.jpg?resize=250%2C250\" class=\"attachment-square-thumb size-square-thumb wp-post-image\" alt=\"Carla Melchiorri\" loading=\"lazy\" title=\"Carla Melchiorri\" srcset=\"https:\/\/i0.wp.com\/www.aplombitalia.it\/sito\/wp-content\/uploads\/2018\/04\/carla.jpg?w=1298 1298w, https:\/\/i0.wp.com\/www.aplombitalia.it\/sito\/wp-content\/uploads\/2018\/04\/carla.jpg?resize=150%2C150 150w, https:\/\/i0.wp.com\/www.aplombitalia.it\/sito\/wp-content\/uploads\/2018\/04\/carla.jpg?resize=300%2C300 300w, https:\/\/i0.wp.com\/www.aplombitalia.it\/sito\/wp-content\/uploads\/2018\/04\/carla.jpg?resize=768%2C768 768w, https:\/\/i0.wp.com\/www.aplombitalia.it\/sito\/wp-content\/uploads\/2018\/04\/carla.jpg?resize=1024%2C1024 1024w, https:\/\/i0.wp.com\/www.aplombitalia.it\/sito\/wp-content\/uploads\/2018\/04\/carla.jpg?resize=55%2C55 55w, https:\/\/i0.wp.com\/www.aplombitalia.it\/sito\/wp-content\/uploads\/2018\/04\/carla.jpg?resize=250%2C250 250w, https:\/\/i0.wp.com\/www.aplombitalia.it\/sito\/wp-content\/uploads\/2018\/04\/carla.jpg?resize=580%2C580 580w, https:\/\/i0.wp.com\/www.aplombitalia.it\/sito\/wp-content\/uploads\/2018\/04\/carla.jpg?resize=820%2C820 820w, https:\/\/i0.wp.com\/www.aplombitalia.it\/sito\/wp-content\/uploads\/2018\/04\/carla.jpg?resize=1160%2C1160 1160w\" sizes=\"(max-width: 250px) 100vw, 250px\" \/><\/a><\/figure>\n<\/div>\n<div class=\"pl_social\">\n<\/div>\n<div class=\"cl\"><\/div>\n<\/article>\n<article class=\" format-profile\">\n<div class=\"pl_content\">\n<h1 class=\"entry-title\"><a href=\"http:\/\/www.aplombitalia.it\/sito\/profile\/claudia-bianchi\/\">Claudia Bianchi<\/a><\/h1>\n<div class=\"entry-content\">\nLavora con No\u00eblle Perez\u00a0 da 5 anni. _________________________________________________ Phone :\u00a0\u00a0339 1310466 _________________________________________________ Email :\u00a0claudiaisotta@libero.it _________________________________________________ Curriculum:\u00a0Frequento i seminari internazionali estivi ed i seminari durante l&#8217;anno in Italia (Modena, Bologna, Renazzo) e collaboro alle attivit\u00e0 del Museo dell&#8217;Aplomb _________________________________________________ Corsi e Seminari: Ho insegnato dal\u00a0 2013 al 2017\u00a0 Yoga in Aplomb presso l&#8217;Associazione Nuova Era di...<\/div>\n<\/div>\n<div class=\"pl_img\">\n<figure><a href=\"http:\/\/www.aplombitalia.it\/sito\/profile\/claudia-bianchi\/\"><img width=\"250\" height=\"250\" src=\"https:\/\/i0.wp.com\/www.aplombitalia.it\/sito\/wp-content\/uploads\/2018\/05\/Claudia-Bianchi.jpg?resize=250%2C250\" class=\"attachment-square-thumb size-square-thumb wp-post-image\" alt=\"Claudia Bianchi\" loading=\"lazy\" title=\"Claudia Bianchi\" srcset=\"https:\/\/i0.wp.com\/www.aplombitalia.it\/sito\/wp-content\/uploads\/2018\/05\/Claudia-Bianchi.jpg?resize=150%2C150 150w, https:\/\/i0.wp.com\/www.aplombitalia.it\/sito\/wp-content\/uploads\/2018\/05\/Claudia-Bianchi.jpg?resize=55%2C55 55w, https:\/\/i0.wp.com\/www.aplombitalia.it\/sito\/wp-content\/uploads\/2018\/05\/Claudia-Bianchi.jpg?resize=250%2C250 250w, https:\/\/i0.wp.com\/www.aplombitalia.it\/sito\/wp-content\/uploads\/2018\/05\/Claudia-Bianchi.jpg?zoom=2&amp;resize=250%2C250 500w\" sizes=\"(max-width: 250px) 100vw, 250px\" \/><\/a><\/figure>\n<\/div>\n<div class=\"pl_social\">\n<\/div>\n<div class=\"cl\"><\/div>\n<\/article>\n<article class=\" profile_even format-profile\">\n<div class=\"pl_content\">\n<h1 class=\"entry-title\"><a href=\"http:\/\/www.aplombitalia.it\/sito\/profile\/elisa-biondi\/\">Elisa Biondi<\/a><\/h1>\n<div class=\"entry-content\">\nLavora con No\u00eblle Perez e Jos\u00e9 Miguel da &#8230; anni. _________________________________________________ Phone : _________________________________________________ Email : _________________________________________________ Curriculum: _________________________________________________ Corsi e Seminari: _________________________________________________ Ricerca &#8216;Etnofisiologica&#8217;: _________________________________________________ Ultimo aggiornamento Giugno 2018<\/div>\n<\/div>\n<div class=\"pl_img\"><a href=\"http:\/\/www.aplombitalia.it\/sito\/profile\/elisa-biondi\/\"><div class=\"pl_noimg cmsms-icon-user-1\"><\/div><\/a><\/div>\n<div class=\"pl_social\">\n<\/div>\n<div class=\"cl\"><\/div>\n<\/article>\n<article class=\" format-profile\">\n<div class=\"pl_content\">\n<h1 class=\"entry-title\"><a href=\"http:\/\/www.aplombitalia.it\/sito\/profile\/luisa-veratti\/\">Luisa Veratti<\/a><\/h1>\n<div class=\"entry-content\">\nLavora con No\u00eblle Perez e Jos\u00e9 Miguel da &#8230; anni. _________________________________________________ Phone :\u00a0331 1184252 _________________________________________________ Email :\u00a0luisa.veratti@gmail.com\u00a0 _________________________________________________ Curriculum:\u00a0Ho iniziato a praticare Yoga e incontri sull&#8217;Aplomb e scuola di Shiatsu con Carla Melchiorri a settembre\/ottobre del 1992, ho fatto il primo seminario con No\u00eblle Perez Christiaens nel novembre del 1992 e da allora, con qualche...<\/div>\n<\/div>\n<div class=\"pl_img\">\n<figure><a href=\"http:\/\/www.aplombitalia.it\/sito\/profile\/luisa-veratti\/\"><img width=\"206\" height=\"207\" src=\"https:\/\/i1.wp.com\/www.aplombitalia.it\/sito\/wp-content\/uploads\/2018\/05\/Luisa_Veratti.jpg?resize=206%2C207\" class=\"attachment-square-thumb size-square-thumb wp-post-image\" alt=\"Luisa Veratti\" loading=\"lazy\" title=\"Luisa Veratti\" srcset=\"https:\/\/i1.wp.com\/www.aplombitalia.it\/sito\/wp-content\/uploads\/2018\/05\/Luisa_Veratti.jpg?w=206 206w, https:\/\/i1.wp.com\/www.aplombitalia.it\/sito\/wp-content\/uploads\/2018\/05\/Luisa_Veratti.jpg?resize=150%2C150 150w, https:\/\/i1.wp.com\/www.aplombitalia.it\/sito\/wp-content\/uploads\/2018\/05\/Luisa_Veratti.jpg?resize=55%2C55 55w\" sizes=\"(max-width: 206px) 100vw, 206px\" \/><\/a><\/figure>\n<\/div>\n<div class=\"pl_social\">\n<\/div>\n<div class=\"cl\"><\/div>\n<\/article>\n<article class=\" profile_even format-profile\">\n<div class=\"pl_content\">\n<h1 class=\"entry-title\"><a href=\"http:\/\/www.aplombitalia.it\/sito\/profile\/paola-oliviero\/\">Paola Oliviero<\/a><\/h1>\n<div class=\"entry-content\">\nLavora con No\u00eblle Perez e Jos\u00e9 Miguel da 10 anni. _________________________________________________ Lavora con Stefano Lenzi\u00a0 da 18 anni. _________________________________________________ Phone :\u00a03475303110 _________________________________________________ Email :\u00a0olipla66@gmail.com _________________________________________________ Curriculum: _________________________________________________ Corsi e Seminari:\u00a0Bologna _________________________________________________ Ricerca &#8216;Etnofisiologica&#8217;: &#8220;Le Saline di Trapani&#8221; in corso _________________________________________________ Ultimo aggiornamento Giugno 2018<\/div>\n<\/div>\n<div class=\"pl_img\">\n<figure><a href=\"http:\/\/www.aplombitalia.it\/sito\/profile\/paola-oliviero\/\"><img width=\"250\" height=\"250\" src=\"https:\/\/i1.wp.com\/www.aplombitalia.it\/sito\/wp-content\/uploads\/2018\/05\/IMG_4062.jpg?resize=250%2C250\" class=\"attachment-square-thumb size-square-thumb wp-post-image\" alt=\"Paola Oliviero\" loading=\"lazy\" title=\"Paola Oliviero\" srcset=\"https:\/\/i1.wp.com\/www.aplombitalia.it\/sito\/wp-content\/uploads\/2018\/05\/IMG_4062.jpg?resize=150%2C150 150w, https:\/\/i1.wp.com\/www.aplombitalia.it\/sito\/wp-content\/uploads\/2018\/05\/IMG_4062.jpg?resize=55%2C55 55w, https:\/\/i1.wp.com\/www.aplombitalia.it\/sito\/wp-content\/uploads\/2018\/05\/IMG_4062.jpg?resize=250%2C250 250w, https:\/\/i1.wp.com\/www.aplombitalia.it\/sito\/wp-content\/uploads\/2018\/05\/IMG_4062.jpg?zoom=2&amp;resize=250%2C250 500w, https:\/\/i1.wp.com\/www.aplombitalia.it\/sito\/wp-content\/uploads\/2018\/05\/IMG_4062.jpg?zoom=3&amp;resize=250%2C250 750w\" sizes=\"(max-width: 250px) 100vw, 250px\" \/><\/a><\/figure>\n<\/div>\n<div class=\"pl_social\">\n<\/div>\n<div class=\"cl\"><\/div>\n<\/article>\n<article class=\" format-profile\">\n<div class=\"pl_content\">\n<h1 class=\"entry-title\"><a href=\"http:\/\/www.aplombitalia.it\/sito\/profile\/roberta-pizzi\/\">Roberta Pizzi<\/a><\/h1>\n<div class=\"entry-content\">\nLavora con No\u00eblle Perez e Jos\u00e9 Miguel da &#8230; anni. _________________________________________________ Phone : _________________________________________________ Email : _________________________________________________ Curriculum: _________________________________________________ Corsi e Seminari: _________________________________________________ Ricerca &#8216;Etnofisiologica&#8217;: _________________________________________________ Ultimo aggiornamento Giugno 2018<\/div>\n<\/div>\n<div class=\"pl_img\"><a href=\"http:\/\/www.aplombitalia.it\/sito\/profile\/roberta-pizzi\/\"><div class=\"pl_noimg cmsms-icon-user-1\"><\/div><\/a><\/div>\n<div class=\"pl_social\">\n<\/div>\n<div class=\"cl\"><\/div>\n<\/article>\n<article class=\" profile_even format-profile\">\n<div class=\"pl_content\">\n<h1 class=\"entry-title\"><a href=\"http:\/\/www.aplombitalia.it\/sito\/profile\/simonetta-bursi\/\">Simonetta Bursi<\/a><\/h1>\n<div class=\"entry-content\">\nLavoro con No\u00eblle Perez e Jos\u00e9 Miguel da 29 anni. _________________________________________________ Phone :\u00a0333 5709214 _________________________________________________ Email :\u00a0simonettabursi@gmail.com _________________________________________________ Curriculum:\u00a0Ha iniziato a praticare Yoga e Aplomb con Carla Melchiorri nel 1989 e nello stesso anno a seguire i seminari di No\u00eblle Perez Christiaens e Jos\u00e8 Miguel da Fonseca. Dal 1991 ha studiato e praticato Shiatsu con...<\/div>\n<\/div>\n<div class=\"pl_img\">\n<figure><a href=\"http:\/\/www.aplombitalia.it\/sito\/profile\/simonetta-bursi\/\"><img width=\"250\" height=\"250\" src=\"https:\/\/i0.wp.com\/www.aplombitalia.it\/sito\/wp-content\/uploads\/2018\/05\/IMG-20180511-WA0001.jpg?resize=250%2C250\" class=\"attachment-square-thumb size-square-thumb wp-post-image\" alt=\"Simonetta Bursi\" loading=\"lazy\" title=\"Simonetta Bursi\" srcset=\"https:\/\/i0.wp.com\/www.aplombitalia.it\/sito\/wp-content\/uploads\/2018\/05\/IMG-20180511-WA0001.jpg?w=640 640w, https:\/\/i0.wp.com\/www.aplombitalia.it\/sito\/wp-content\/uploads\/2018\/05\/IMG-20180511-WA0001.jpg?resize=150%2C150 150w, https:\/\/i0.wp.com\/www.aplombitalia.it\/sito\/wp-content\/uploads\/2018\/05\/IMG-20180511-WA0001.jpg?resize=300%2C300 300w, https:\/\/i0.wp.com\/www.aplombitalia.it\/sito\/wp-content\/uploads\/2018\/05\/IMG-20180511-WA0001.jpg?resize=55%2C55 55w, https:\/\/i0.wp.com\/www.aplombitalia.it\/sito\/wp-content\/uploads\/2018\/05\/IMG-20180511-WA0001.jpg?resize=250%2C250 250w, https:\/\/i0.wp.com\/www.aplombitalia.it\/sito\/wp-content\/uploads\/2018\/05\/IMG-20180511-WA0001.jpg?resize=580%2C580 580w\" sizes=\"(max-width: 250px) 100vw, 250px\" \/><\/a><\/figure>\n<\/div>\n<div class=\"pl_social\">\n<\/div>\n<div class=\"cl\"><\/div>\n<\/article>\n<article class=\" format-profile\">\n<div class=\"pl_content\">\n<h1 class=\"entry-title\"><a href=\"http:\/\/www.aplombitalia.it\/sito\/profile\/stefano-lenzi\/\">Stefano Lenzi<\/a><\/h1>\n<div class=\"entry-content\">\nLavora con\u00a0 No\u00eblle Perez e Jos\u00e9 Miguel da &#8230; anni. _________________________________________________ Phone :\u00a03200663575 _________________________________________________ Email :\u00a0Stefano@isaplomb.org _________________________________________________ Curriculum: _________________________________________________ Corsi e Seminari: _________________________________________________ Riceca&#8217;Etnofisiologica&#8217;: _________________________________________________ Ultimo aggiornamento Giugno 2018<\/div>\n<\/div>\n<div class=\"pl_img\">\n<figure><a href=\"http:\/\/www.aplombitalia.it\/sito\/profile\/stefano-lenzi\/\"><img width=\"219\" height=\"211\" src=\"https:\/\/i2.wp.com\/www.aplombitalia.it\/sito\/wp-content\/uploads\/2018\/04\/stefano_lenzi_sito-1.jpg?resize=219%2C211\" class=\"attachment-square-thumb size-square-thumb wp-post-image\" alt=\"Stefano Lenzi\" loading=\"lazy\" title=\"Stefano Lenzi\" \/><\/a><\/figure>\n<\/div>\n<div class=\"pl_social\">\n<\/div>\n<div class=\"cl\"><\/div>\n<\/article>\n<\/div>\n<\/div>\n<\/div><div id=\"cmsms_tab_6a979ab151e22\" class=\"cmsms_tab\">\n<div class=\"cmsms_tab_inner\">\n<p><a href=\"http:\/\/www.aplombitalia.it\/sito\/wp-content\/uploads\/2021\/04\/FormIstrISA_Italia_Internazionale.pdf\" class=\"pdfemb-viewer\" style=\"\" data-width=\"max\" data-height=\"max\"  data-toolbar=\"bottom\" data-toolbar-fixed=\"off\">FormIstrISA_Italia_Internazionale<br\/><\/a><\/p>\n<p><a href=\"http:\/\/www.aplombitalia.it\/sito\/wp-content\/uploads\/2021\/04\/FormIstrISA_Italia.pdf\" class=\"pdfemb-viewer\" style=\"\" data-width=\"max\" data-height=\"max\"  data-toolbar=\"bottom\" data-toolbar-fixed=\"off\">FormIstrISA_Italia<br\/><\/a><a href=\"http:\/\/www.aplombitalia.it\/sito\/wp-content\/uploads\/2021\/04\/DiplomaIsaNoelleFronte.pdf\" class=\"pdfemb-viewer\" style=\"\" data-width=\"max\" data-height=\"max\"  data-toolbar=\"bottom\" data-toolbar-fixed=\"off\">DiplomaIsaNoelleFronte<br\/><\/a><a href=\"http:\/\/www.aplombitalia.it\/sito\/wp-content\/uploads\/2021\/04\/DiplomaIsaNoelleRetro.pdf\" class=\"pdfemb-viewer\" style=\"\" data-width=\"max\" data-height=\"max\"  data-toolbar=\"bottom\" data-toolbar-fixed=\"off\">DiplomaIsaNoelleRetro<br\/><\/a><a href=\"http:\/\/www.aplombitalia.it\/sito\/wp-content\/uploads\/2021\/04\/LiberttoCertificazioniIsa.pdf\" class=\"pdfemb-viewer\" style=\"\" data-width=\"max\" data-height=\"max\"  data-toolbar=\"bottom\" data-toolbar-fixed=\"off\">LiberttoCertificazioniIsa<br\/><\/a><\/p>\n<\/div>\n<\/div><div id=\"cmsms_tab_6a979ab1524db\" class=\"cmsms_tab\">\n<div class=\"cmsms_tab_inner\">\n<div>Anna Litero<\/div>\n<div><\/div>\n<div>Elena Cassani<\/div>\n<div><\/div>\n<div>Franco Lenzi<\/div>\n<div><\/div>\n<div>Giovanni Nardi<\/div>\n<div><\/div>\n<div>Maurizio Magalini<\/div>\n<div><\/div>\n<div>Paola Oliviero<\/div>\n<div><\/div>\n<div>Paul Solomon<\/div>\n<div><\/div>\n<div>Stefano Lenzi<\/div>\n<div><\/div>\n<div>Vanni Gallerani<\/div>\n<\/div>\n<\/div><\/div>\n<\/div>\n<\/div>\n<\/div>\n<\/div>\n<\/div>\n<\/div>\n<\/div>\n\n","protected":false},"excerpt":{"rendered":"","protected":false},"author":1,"featured_media":0,"parent":0,"menu_order":0,"comment_status":"closed","ping_status":"closed","template":"","meta":{"advanced_seo_description":"","spay_email":""},"_links":{"self":[{"href":"http:\/\/www.aplombitalia.it\/sito\/wp-json\/wp\/v2\/pages\/10"}],"collection":[{"href":"http:\/\/www.aplombitalia.it\/sito\/wp-json\/wp\/v2\/pages"}],"about":[{"href":"http:\/\/www.aplombitalia.it\/sito\/wp-json\/wp\/v2\/types\/page"}],"author":[{"embeddable":true,"href":"http:\/\/www.aplombitalia.it\/sito\/wp-json\/wp\/v2\/users\/1"}],"replies":[{"embeddable":true,"href":"http:\/\/www.aplombitalia.it\/sito\/wp-json\/wp\/v2\/comments?post=10"}],"version-history":[{"count":9,"href":"http:\/\/www.aplombitalia.it\/sito\/wp-json\/wp\/v2\/pages\/10\/revisions"}],"predecessor-version":[{"id":1195,"href":"http:\/\/www.aplombitalia.it\/sito\/wp-json\/wp\/v2\/pages\/10\/revisions\/1195"}],"wp:attachment":[{"href":"http:\/\/www.aplombitalia.it\/sito\/wp-json\/wp\/v2\/media?parent=10"}],"curies":[{"name":"wp","href":"https:\/\/api.w.org\/{rel}","templated":true}]}}